{"id":4387,"date":"2025-01-25T10:58:13","date_gmt":"2025-01-25T09:58:13","guid":{"rendered":"http:\/\/mymenys.com\/product\/bolsa-meny-motera\/"},"modified":"2025-02-19T19:45:07","modified_gmt":"2025-02-19T18:45:07","slug":"bolsa-meny-motera","status":"publish","type":"product","link":"http:\/\/mymenys.com\/es\/productos\/bolsa-meny-motera\/","title":{"rendered":"Bolsa \u00abMeny Motera\u00bb"},"content":{"rendered":"\t\t<div data-elementor-type=\"product-post\" data-elementor-id=\"4387\" class=\"elementor elementor-4387 elementor-3584\" data-elementor-post-type=\"product\">\n\t\t\t\t<div class=\"elementor-element elementor-element-2f9ca88b e-flex e-con-boxed e-con e-parent\" data-id=\"2f9ca88b\" data-element_type=\"container\" data-e-type=\"container\">\n\t\t\t\t\t<div class=\"e-con-inner\">\n\t\t\t\t<div class=\"elementor-element elementor-element-6291e674 elementor-widget elementor-widget-text-editor\" data-id=\"6291e674\" data-element_type=\"widget\" data-e-type=\"widget\" data-widget_type=\"text-editor.default\">\n\t\t\t\t<div class=\"elementor-widget-container\">\n\t\t\t\t\t\t\t\t\t<p class=\"p1\"><b>El bolso tote Meny Motera es mucho m\u00e1s que un bolso com\u00fan: es una celebraci\u00f3n de la libertad y la imaginaci\u00f3n, elaborado con algod\u00f3n 100% reciclado.<\/b><\/p>\n<p class=\"p1\">Con nuestra Meny Motera en un lado y nuestro lema <i>\u201cLuce ARTE y cuenta una HISTORIA\u201d<\/i> en el otro, este bolso tote de dise\u00f1o sencillo atraer\u00e1 todas las miradas dondequiera que vayas.<\/p>\n<p class=\"p1\">Cuenta una verdadera historia de sostenibilidad mientras llevas contigo lo esencial en este bolso tote casual, hecho con materiales 100% reciclados.<\/p>\n\t\t\t\t\t\t\t\t<\/div>\n\t\t\t\t<\/div>\n\t\t\t\t\t<\/div>\n\t\t\t\t<\/div>\n\t\t<div class=\"elementor-element elementor-element-08a3f32 e-flex e-con-boxed e-con e-parent\" data-id=\"08a3f32\" data-element_type=\"container\" data-e-type=\"container\">\n\t\t\t\t\t<div class=\"e-con-inner\">\n\t\t<div class=\"elementor-element elementor-element-7d14ab0 e-con-full e-flex e-con e-child\" data-id=\"7d14ab0\" data-element_type=\"container\" data-e-type=\"container\">\n\t\t\t\t<div class=\"elementor-element elementor-element-4030897 elementor-widget elementor-widget-heading\" data-id=\"4030897\" data-element_type=\"widget\" data-e-type=\"widget\" data-widget_type=\"heading.default\">\n\t\t\t\t<div class=\"elementor-widget-container\">\n\t\t\t\t\t<h5 class=\"elementor-heading-title elementor-size-default\">Detalles del producto<\/h5>\t\t\t\t<\/div>\n\t\t\t\t<\/div>\n\t\t\t\t<div class=\"elementor-element elementor-element-1d64464 e-n-tabs-mobile elementor-widget elementor-widget-n-tabs\" data-id=\"1d64464\" data-element_type=\"widget\" data-e-type=\"widget\" data-settings=\"{&quot;horizontal_scroll&quot;:&quot;disable&quot;}\" data-widget_type=\"nested-tabs.default\">\n\t\t\t\t<div class=\"elementor-widget-container\">\n\t\t\t\t\t\t\t<div class=\"e-n-tabs\" data-widget-number=\"30819428\" aria-label=\"Pesta\u00f1as. Abre elementos con Intro o Espacio, ci\u00e9rralos con Escape y navega con las fechas.\">\n\t\t\t<div class=\"e-n-tabs-heading\" role=\"tablist\">\n\t\t\t\t\t<button id=\"e-n-tab-title-308194281\" data-tab-title-id=\"e-n-tab-title-308194281\" class=\"e-n-tab-title\" aria-selected=\"true\" data-tab-index=\"1\" role=\"tab\" tabindex=\"0\" aria-controls=\"e-n-tab-content-308194281\" style=\"--n-tabs-title-order: 1;\">\n\t\t\t\t\t\t<span class=\"e-n-tab-title-text\">\n\t\t\t\tCaracter\u00edsticas\t\t\t<\/span>\n\t\t<\/button>\n\t\t\t\t<button id=\"e-n-tab-title-308194282\" data-tab-title-id=\"e-n-tab-title-308194282\" class=\"e-n-tab-title\" aria-selected=\"false\" data-tab-index=\"2\" role=\"tab\" tabindex=\"-1\" aria-controls=\"e-n-tab-content-308194282\" style=\"--n-tabs-title-order: 2;\">\n\t\t\t\t\t\t<span class=\"e-n-tab-title-text\">\n\t\t\t\tGu\u00eda de tallas\t\t\t<\/span>\n\t\t<\/button>\n\t\t\t\t<button id=\"e-n-tab-title-308194283\" data-tab-title-id=\"e-n-tab-title-308194283\" class=\"e-n-tab-title\" aria-selected=\"false\" data-tab-index=\"3\" role=\"tab\" tabindex=\"-1\" aria-controls=\"e-n-tab-content-308194283\" style=\"--n-tabs-title-order: 3;\">\n\t\t\t\t\t\t<span class=\"e-n-tab-title-text\">\n\t\t\t\tComposici\u00f3n\t\t\t<\/span>\n\t\t<\/button>\n\t\t\t\t<button id=\"e-n-tab-title-308194284\" data-tab-title-id=\"e-n-tab-title-308194284\" class=\"e-n-tab-title\" aria-selected=\"false\" data-tab-index=\"4\" role=\"tab\" tabindex=\"-1\" aria-controls=\"e-n-tab-content-308194284\" style=\"--n-tabs-title-order: 4;\">\n\t\t\t\t\t\t<span class=\"e-n-tab-title-text\">\n\t\t\t\tInstrucciones de cuidado\t\t\t<\/span>\n\t\t<\/button>\n\t\t\t\t\t<\/div>\n\t\t\t<div class=\"e-n-tabs-content\">\n\t\t\t\t<div id=\"e-n-tab-content-308194281\" role=\"tabpanel\" aria-labelledby=\"e-n-tab-title-308194281\" data-tab-index=\"1\" style=\"--n-tabs-title-order: 1;\" class=\"e-active elementor-element elementor-element-d2344f1 e-con-full e-flex e-con e-child\" data-id=\"d2344f1\" data-element_type=\"container\" data-e-type=\"container\">\n\t\t\t\t<div class=\"elementor-element elementor-element-1bf903a elementor-widget elementor-widget-text-editor\" data-id=\"1bf903a\" data-element_type=\"widget\" data-e-type=\"widget\" data-widget_type=\"text-editor.default\">\n\t\t\t\t<div class=\"elementor-widget-container\">\n\t\t\t\t\t\t\t\t\t<p class=\"p1\">Un bolso tote verdaderamente sostenible, con tecnolog\u00eda de trazabilidad AWARE\u2122.<\/p>\n<p class=\"p1\">AWARE\u2122 aplica part\u00edculas trazadoras al algod\u00f3n reciclado en su estado bruto y utiliza la tecnolog\u00eda blockchain para garantizar que el material que entra en la cadena de suministro sea el mismo que se convierte en productos textiles.<\/p>\n<p class=\"p1\">Se estima que la producci\u00f3n de 1 kg de algod\u00f3n convencional requiere 9.800 litros de agua, una dura realidad, considerando que gran parte del algod\u00f3n mundial se cultiva en pa\u00edses que ya sufren escasez de agua potable. Adem\u00e1s, se calcula que el 80% del algod\u00f3n necesario para la industria de la moda ya existe, pero la mayor parte est\u00e1 destinada a los vertederos.<\/p>\n<p class=\"p1\">El aumento de los programas de reciclaje textil puede ayudar a salvar este algod\u00f3n de su desperdicio, permitiendo su reutilizaci\u00f3n y transformaci\u00f3n en algod\u00f3n reciclado.<\/p>\n\t\t\t\t\t\t\t\t<\/div>\n\t\t\t\t<\/div>\n\t\t\t\t<\/div>\n\t\t<div id=\"e-n-tab-content-308194282\" role=\"tabpanel\" aria-labelledby=\"e-n-tab-title-308194282\" data-tab-index=\"2\" style=\"--n-tabs-title-order: 2;\" class=\" elementor-element elementor-element-d7a01e3 e-con-full e-flex e-con e-child\" data-id=\"d7a01e3\" data-element_type=\"container\" data-e-type=\"container\">\n\t\t\t\t<div class=\"elementor-element elementor-element-1497816 elementor-widget elementor-widget-text-editor\" data-id=\"1497816\" data-element_type=\"widget\" data-e-type=\"widget\" data-widget_type=\"text-editor.default\">\n\t\t\t\t<div class=\"elementor-widget-container\">\n\t\t\t\t\t\t\t\t\t<ul>\n<li>Talla unica. 37cm x 6cm x 40cm<\/li>\n<li>peso: 165g<\/li>\n<\/ul>\n\t\t\t\t\t\t\t\t<\/div>\n\t\t\t\t<\/div>\n\t\t\t\t<\/div>\n\t\t<div id=\"e-n-tab-content-308194283\" role=\"tabpanel\" aria-labelledby=\"e-n-tab-title-308194283\" data-tab-index=\"3\" style=\"--n-tabs-title-order: 3;\" class=\" elementor-element elementor-element-38fc903 e-grid e-con-boxed e-con e-child\" data-id=\"38fc903\" data-element_type=\"container\" data-e-type=\"container\">\n\t\t\t\t\t<div class=\"e-con-inner\">\n\t\t\t\t<div class=\"elementor-element elementor-element-34a2cff elementor-widget elementor-widget-text-editor\" data-id=\"34a2cff\" data-element_type=\"widget\" data-e-type=\"widget\" data-widget_type=\"text-editor.default\">\n\t\t\t\t<div class=\"elementor-widget-container\">\n\t\t\t\t\t\t\t\t\t<ul>\n<li>\n<p class=\"p1\">Materiales 100% reciclados: 70% algod\u00f3n reciclado y 30% PET reciclado.<\/p>\n<\/li>\n<\/ul>\n\t\t\t\t\t\t\t\t<\/div>\n\t\t\t\t<\/div>\n\t\t\t\t<div class=\"elementor-element elementor-element-aff79f4 elementor-widget elementor-widget-image\" data-id=\"aff79f4\" data-element_type=\"widget\" data-e-type=\"widget\" data-widget_type=\"image.default\">\n\t\t\t\t<div class=\"elementor-widget-container\">\n\t\t\t\t\t\t\t\t\t\t\t\t\t\t\t<img fetchpriority=\"high\" decoding=\"async\" width=\"368\" height=\"172\" src=\"http:\/\/mymenys.com\/wp-content\/uploads\/2025\/01\/Screenshot-2025-01-25-at-11.36.12.png\" class=\"attachment-medium_large size-medium_large wp-image-3594\" alt=\"\" srcset=\"http:\/\/mymenys.com\/wp-content\/uploads\/2025\/01\/Screenshot-2025-01-25-at-11.36.12.png 368w, http:\/\/mymenys.com\/wp-content\/uploads\/2025\/01\/Screenshot-2025-01-25-at-11.36.12-300x140.png 300w, http:\/\/mymenys.com\/wp-content\/uploads\/2025\/01\/Screenshot-2025-01-25-at-11.36.12-64x30.png 64w\" sizes=\"(max-width: 368px) 100vw, 368px\" \/>\t\t\t\t\t\t\t\t\t\t\t\t\t\t\t<\/div>\n\t\t\t\t<\/div>\n\t\t\t\t<div class=\"elementor-element elementor-element-0f4410f elementor-widget elementor-widget-image\" data-id=\"0f4410f\" data-element_type=\"widget\" data-e-type=\"widget\" data-widget_type=\"image.default\">\n\t\t\t\t<div class=\"elementor-widget-container\">\n\t\t\t\t\t\t\t\t\t\t\t\t\t\t\t<img decoding=\"async\" width=\"900\" height=\"900\" src=\"http:\/\/mymenys.com\/wp-content\/uploads\/2025\/01\/Aware-logo.jpg\" class=\"attachment-large size-large wp-image-3603\" alt=\"\" \/>\t\t\t\t\t\t\t\t\t\t\t\t\t\t\t<\/div>\n\t\t\t\t<\/div>\n\t\t\t\t\t<\/div>\n\t\t\t\t<\/div>\n\t\t<div id=\"e-n-tab-content-308194284\" role=\"tabpanel\" aria-labelledby=\"e-n-tab-title-308194284\" data-tab-index=\"4\" style=\"--n-tabs-title-order: 4;\" class=\" elementor-element elementor-element-952e5c1 e-flex e-con-boxed e-con e-child\" data-id=\"952e5c1\" data-element_type=\"container\" data-e-type=\"container\">\n\t\t\t\t\t<div class=\"e-con-inner\">\n\t\t<div class=\"elementor-element elementor-element-70a9d69 e-grid e-con-full e-con e-child\" data-id=\"70a9d69\" data-element_type=\"container\" data-e-type=\"container\">\n\t\t\t\t<div class=\"elementor-element elementor-element-8f641ed elementor-widget elementor-widget-text-editor\" data-id=\"8f641ed\" data-element_type=\"widget\" data-e-type=\"widget\" data-widget_type=\"text-editor.default\">\n\t\t\t\t<div class=\"elementor-widget-container\">\n\t\t\t\t\t\t\t\t\t<ul>\n<li class=\"p1\">Lavar a m\u00e1quina del rev\u00e9s a 30\u00b0C en un ciclo suave.<\/li>\n<li class=\"p1\">No usar lej\u00eda ni agentes blanqueadores.<\/li>\n<li class=\"p1\">No se permite la limpieza en seco profesional.<\/li>\n<li class=\"p1\">Planchar a baja temperatura<span style=\"font-size: 16px;\">, evitando el vapor. No planchar sobre el estampado.<\/span><\/li>\n<li class=\"p1\">Se recomienda el secado al aire.<\/li>\n<\/ul>\n\t\t\t\t\t\t\t\t<\/div>\n\t\t\t\t<\/div>\n\t\t\t\t<div class=\"elementor-element elementor-element-56533b5 elementor-widget elementor-widget-image\" data-id=\"56533b5\" data-element_type=\"widget\" data-e-type=\"widget\" data-widget_type=\"image.default\">\n\t\t\t\t<div class=\"elementor-widget-container\">\n\t\t\t\t\t\t\t\t\t\t\t\t\t\t\t<img decoding=\"async\" width=\"300\" height=\"65\" src=\"http:\/\/mymenys.com\/wp-content\/uploads\/2025\/01\/Screenshot-2025-01-16-at-17.57.24-300x65.png\" class=\"attachment-medium size-medium wp-image-4239\" alt=\"\" srcset=\"http:\/\/mymenys.com\/wp-content\/uploads\/2025\/01\/Screenshot-2025-01-16-at-17.57.24-300x65.png 300w, http:\/\/mymenys.com\/wp-content\/uploads\/2025\/01\/Screenshot-2025-01-16-at-17.57.24-64x14.png 64w, http:\/\/mymenys.com\/wp-content\/uploads\/2025\/01\/Screenshot-2025-01-16-at-17.57.24-400x86.png 400w, http:\/\/mymenys.com\/wp-content\/uploads\/2025\/01\/Screenshot-2025-01-16-at-17.57.24-768x166.png 768w, http:\/\/mymenys.com\/wp-content\/uploads\/2025\/01\/Screenshot-2025-01-16-at-17.57.24.png 778w\" sizes=\"(max-width: 300px) 100vw, 300px\" \/>\t\t\t\t\t\t\t\t\t\t\t\t\t\t\t<\/div>\n\t\t\t\t<\/div>\n\t\t\t\t<\/div>\n\t\t\t\t\t<\/div>\n\t\t\t\t<\/div>\n\t\t\t\t\t<\/div>\n\t\t<\/div>\n\t\t\t\t\t\t<\/div>\n\t\t\t\t<\/div>\n\t\t\t\t<\/div>\n\t\t\t\t\t<\/div>\n\t\t\t\t<\/div>\n\t\t\t\t<\/div>\n\t\t\n    <div class=\"xs_social_share_widget xs_share_url after_content \t\tmain_content  wslu-style-1 wslu-share-box-shaped wslu-fill-colored wslu-none wslu-share-horizontal wslu-theme-font-no wslu-main_content\">\n\n\t\t\n        <ul>\n\t\t\t        <\/ul>\n    <\/div> \n","protected":false},"excerpt":{"rendered":"<blockquote>\n<p class=\"p1\">\u201cQuer\u00eda pintarle a un buen amigo motorista algo relacionado con el mundo de las dos ruedas y qu\u00e9 mejor que motorizar a nuestra vers\u00e1til y universal embajadora Meny.<\/p>\n<p class=\"p1\">Meny Motera es mucho m\u00e1s que una obra: es un viaje por la fantasia por rutas y callejuelas estrechas llenas de historia y de vivencias con raiz. Pisando suelos de adoqu\u00edn donde el tiempo ha calado como agua en el barro, dejando mil una historia que poco a poco han forjado la esencia de la ciudad.\u201d<\/p>\n<p>&#8211; A.T.<\/p><\/blockquote>\n","protected":false},"featured_media":5030,"template":"","meta":{"site-sidebar-layout":"default","site-content-layout":"","ast-site-content-layout":"default","site-content-style":"default","site-sidebar-style":"default","ast-global-header-display":"","ast-banner-title-visibility":"","ast-main-header-display":"","ast-hfb-above-header-display":"","ast-hfb-below-header-display":"","ast-hfb-mobile-header-display":"","site-post-title":"","ast-breadcrumbs-content":"","ast-featured-img":"","footer-sml-layout":"","ast-disable-related-posts":"","theme-transparent-header-meta":"default","adv-header-id-meta":"","stick-header-meta":"default","header-above-stick-meta":"","header-main-stick-meta":"","header-below-stick-meta":"","astra-migrate-meta-layouts":"set","ast-page-background-enabled":"default","ast-page-background-meta":{"desktop":{"background-color":"var(--ast-global-color-4)","background-image":"","background-repeat":"repeat","background-position":"center center","background-size":"auto","background-attachment":"scroll","background-type":"","background-media":"","overlay-type":"","overlay-color":"","overlay-opacity":"","overlay-gradient":""},"tablet":{"background-color":"","background-image":"","background-repeat":"repeat","background-position":"center center","background-size":"auto","background-attachment":"scroll","background-type":"","background-media":"","overlay-type":"","overlay-color":"","overlay-opacity":"","overlay-gradient":""},"mobile":{"background-color":"","background-image":"","background-repeat":"repeat","background-position":"center center","background-size":"auto","background-attachment":"scroll","background-type":"","background-media":"","overlay-type":"","overlay-color":"","overlay-opacity":"","overlay-gradient":""}},"ast-content-background-meta":{"desktop":{"background-color":"var(--ast-global-color-5)","background-image":"","background-repeat":"repeat","background-position":"center center","background-size":"auto","background-attachment":"scroll","background-type":"","background-media":"","overlay-type":"","overlay-color":"","overlay-opacity":"","overlay-gradient":""},"tablet":{"background-color":"var(--ast-global-color-5)","background-image":"","background-repeat":"repeat","background-position":"center center","background-size":"auto","background-attachment":"scroll","background-type":"","background-media":"","overlay-type":"","overlay-color":"","overlay-opacity":"","overlay-gradient":""},"mobile":{"background-color":"var(--ast-global-color-5)","background-image":"","background-repeat":"repeat","background-position":"center center","background-size":"auto","background-attachment":"scroll","background-type":"","background-media":"","overlay-type":"","overlay-color":"","overlay-opacity":"","overlay-gradient":""}}},"product_brand":[],"product_cat":[148,136,155],"product_tag":[152,153,154,151,143,145,144,149,150],"class_list":{"0":"post-4387","1":"product","2":"type-product","3":"status-publish","4":"has-post-thumbnail","6":"product_cat-hombres","7":"product_cat-mujeres","8":"product_cat-accesorios","9":"product_tag-arte","10":"product_tag-bolsa","11":"product_tag-bolso-es","12":"product_tag-designer-tote-es","13":"product_tag-hombres","14":"product_tag-idea-regalo","15":"product_tag-mujeres","16":"product_tag-tote-es","17":"product_tag-tote-bag-es","18":"desktop-align-center","19":"tablet-align-left","20":"mobile-align-left","22":"first","23":"instock","24":"shipping-taxable","25":"purchasable","26":"product-type-simple"},"supplier_id":null,"supplier_sku":"","barcode":null,"atum_controlled":true,"out_stock_date":null,"out_stock_threshold":null,"inheritable":false,"inbound_stock":0,"stock_on_hold":0,"sold_today":0,"sales_last_days":0,"reserved_stock":0,"customer_returns":0,"warehouse_damage":0,"lost_in_post":0,"other_logs":0,"out_stock_days":0,"lost_sales":0,"has_location":true,"update_date":"2026-04-30T06:08:28","atum_locations":[{"id":99,"name":"Eesti ladu","slug":"eesti-ladu"}],"atum_stock_status":"instock","restock_status":false,"low_stock_amount":"","sales_update_date":"2026-04-30T06:08:28","calc_backorders":0,"yoast_head":"<!-- This site is optimized with the Yoast SEO plugin v27.0 - https:\/\/yoast.com\/product\/yoast-seo-wordpress\/ -->\n<title>Bolsa &quot;Meny Motera&quot; - MYMENYS<\/title>\n<meta name=\"robots\" content=\"index, follow, max-snippet:-1, max-image-preview:large, max-video-preview:-1\" \/>\n<link rel=\"canonical\" href=\"http:\/\/mymenys.com\/es\/productos\/bolsa-meny-motera\/\" \/>\n<meta property=\"og:locale\" content=\"es_ES\" \/>\n<meta property=\"og:type\" content=\"article\" \/>\n<meta property=\"og:title\" content=\"Bolsa &quot;Meny Motera&quot; - MYMENYS\" \/>\n<meta property=\"og:description\" content=\"\u201cQuer\u00eda pintarle a un buen amigo motorista algo relacionado con el mundo de las dos ruedas y qu\u00e9 mejor que motorizar a nuestra vers\u00e1til y universal embajadora Meny. Meny Motera es mucho m\u00e1s que una obra: es un viaje por la fantasia por rutas y callejuelas estrechas llenas de historia y de vivencias con raiz. Pisando suelos de adoqu\u00edn donde el tiempo ha calado como agua en el barro, dejando mil una historia que poco a poco han forjado la esencia de la ciudad.\u201d - A.T.\" \/>\n<meta property=\"og:url\" content=\"http:\/\/mymenys.com\/es\/productos\/bolsa-meny-motera\/\" \/>\n<meta property=\"og:site_name\" content=\"MYMENYS\" \/>\n<meta property=\"article:publisher\" content=\"https:\/\/www.facebook.com\/mymenys\" \/>\n<meta property=\"article:modified_time\" content=\"2025-02-19T18:45:07+00:00\" \/>\n<meta name=\"twitter:card\" content=\"summary_large_image\" \/>\n<meta name=\"twitter:label1\" content=\"Tiempo de lectura\" \/>\n\t<meta name=\"twitter:data1\" content=\"3 minutos\" \/>\n<script type=\"application\/ld+json\" class=\"yoast-schema-graph\">{\"@context\":\"https:\/\/schema.org\",\"@graph\":[{\"@type\":\"WebPage\",\"@id\":\"http:\/\/mymenys.com\/es\/productos\/bolsa-meny-motera\/\",\"url\":\"http:\/\/mymenys.com\/es\/productos\/bolsa-meny-motera\/\",\"name\":\"Bolsa \\\"Meny Motera\\\" - MYMENYS\",\"isPartOf\":{\"@id\":\"http:\/\/mymenys.com\/#website\"},\"primaryImageOfPage\":{\"@id\":\"http:\/\/mymenys.com\/es\/productos\/bolsa-meny-motera\/#primaryimage\"},\"image\":{\"@id\":\"http:\/\/mymenys.com\/es\/productos\/bolsa-meny-motera\/#primaryimage\"},\"thumbnailUrl\":\"http:\/\/mymenys.com\/wp-content\/uploads\/2025\/02\/IMG_0962-scaled.jpg\",\"datePublished\":\"2025-01-25T09:58:13+00:00\",\"dateModified\":\"2025-02-19T18:45:07+00:00\",\"breadcrumb\":{\"@id\":\"http:\/\/mymenys.com\/es\/productos\/bolsa-meny-motera\/#breadcrumb\"},\"inLanguage\":\"es\",\"potentialAction\":[{\"@type\":\"ReadAction\",\"target\":[\"http:\/\/mymenys.com\/es\/productos\/bolsa-meny-motera\/\"]}]},{\"@type\":\"ImageObject\",\"inLanguage\":\"es\",\"@id\":\"http:\/\/mymenys.com\/es\/productos\/bolsa-meny-motera\/#primaryimage\",\"url\":\"http:\/\/mymenys.com\/wp-content\/uploads\/2025\/02\/IMG_0962-scaled.jpg\",\"contentUrl\":\"http:\/\/mymenys.com\/wp-content\/uploads\/2025\/02\/IMG_0962-scaled.jpg\",\"width\":1920,\"height\":2560},{\"@type\":\"BreadcrumbList\",\"@id\":\"http:\/\/mymenys.com\/es\/productos\/bolsa-meny-motera\/#breadcrumb\",\"itemListElement\":[{\"@type\":\"ListItem\",\"position\":1,\"name\":\"Home\",\"item\":\"https:\/\/mymenys.com\/es\/\"},{\"@type\":\"ListItem\",\"position\":2,\"name\":\"Tienda\",\"item\":\"http:\/\/mymenys.com\/es\/tienda\/\"},{\"@type\":\"ListItem\",\"position\":3,\"name\":\"Bolsa \u00abMeny Motera\u00bb\"}]},{\"@type\":\"WebSite\",\"@id\":\"http:\/\/mymenys.com\/#website\",\"url\":\"http:\/\/mymenys.com\/\",\"name\":\"MYMENYS by A.T.\",\"description\":\"luce ARTE y cuenta una HISTORIA\",\"publisher\":{\"@id\":\"http:\/\/mymenys.com\/#organization\"},\"potentialAction\":[{\"@type\":\"SearchAction\",\"target\":{\"@type\":\"EntryPoint\",\"urlTemplate\":\"http:\/\/mymenys.com\/?s={search_term_string}\"},\"query-input\":{\"@type\":\"PropertyValueSpecification\",\"valueRequired\":true,\"valueName\":\"search_term_string\"}}],\"inLanguage\":\"es\"},{\"@type\":\"Organization\",\"@id\":\"http:\/\/mymenys.com\/#organization\",\"name\":\"MYMENYS by A.T.\",\"url\":\"http:\/\/mymenys.com\/\",\"logo\":{\"@type\":\"ImageObject\",\"inLanguage\":\"es\",\"@id\":\"http:\/\/mymenys.com\/#\/schema\/logo\/image\/\",\"url\":\"http:\/\/mymenys.com\/wp-content\/uploads\/2025\/01\/cropped-mymenys_logo_taustata.png\",\"contentUrl\":\"http:\/\/mymenys.com\/wp-content\/uploads\/2025\/01\/cropped-mymenys_logo_taustata.png\",\"width\":1000,\"height\":1000,\"caption\":\"MYMENYS by A.T.\"},\"image\":{\"@id\":\"http:\/\/mymenys.com\/#\/schema\/logo\/image\/\"},\"sameAs\":[\"https:\/\/www.facebook.com\/mymenys\",\"https:\/\/www.instagram.com\/mymenys\/\"]}]}<\/script>\n<!-- \/ Yoast SEO plugin. -->","yoast_head_json":{"title":"Bolsa \"Meny Motera\" - MYMENYS","robots":{"index":"index","follow":"follow","max-snippet":"max-snippet:-1","max-image-preview":"max-image-preview:large","max-video-preview":"max-video-preview:-1"},"canonical":"http:\/\/mymenys.com\/es\/productos\/bolsa-meny-motera\/","og_locale":"es_ES","og_type":"article","og_title":"Bolsa \"Meny Motera\" - MYMENYS","og_description":"\u201cQuer\u00eda pintarle a un buen amigo motorista algo relacionado con el mundo de las dos ruedas y qu\u00e9 mejor que motorizar a nuestra vers\u00e1til y universal embajadora Meny. Meny Motera es mucho m\u00e1s que una obra: es un viaje por la fantasia por rutas y callejuelas estrechas llenas de historia y de vivencias con raiz. Pisando suelos de adoqu\u00edn donde el tiempo ha calado como agua en el barro, dejando mil una historia que poco a poco han forjado la esencia de la ciudad.\u201d - A.T.","og_url":"http:\/\/mymenys.com\/es\/productos\/bolsa-meny-motera\/","og_site_name":"MYMENYS","article_publisher":"https:\/\/www.facebook.com\/mymenys","article_modified_time":"2025-02-19T18:45:07+00:00","twitter_card":"summary_large_image","twitter_misc":{"Tiempo de lectura":"3 minutos"},"schema":{"@context":"https:\/\/schema.org","@graph":[{"@type":"WebPage","@id":"http:\/\/mymenys.com\/es\/productos\/bolsa-meny-motera\/","url":"http:\/\/mymenys.com\/es\/productos\/bolsa-meny-motera\/","name":"Bolsa \"Meny Motera\" - MYMENYS","isPartOf":{"@id":"http:\/\/mymenys.com\/#website"},"primaryImageOfPage":{"@id":"http:\/\/mymenys.com\/es\/productos\/bolsa-meny-motera\/#primaryimage"},"image":{"@id":"http:\/\/mymenys.com\/es\/productos\/bolsa-meny-motera\/#primaryimage"},"thumbnailUrl":"http:\/\/mymenys.com\/wp-content\/uploads\/2025\/02\/IMG_0962-scaled.jpg","datePublished":"2025-01-25T09:58:13+00:00","dateModified":"2025-02-19T18:45:07+00:00","breadcrumb":{"@id":"http:\/\/mymenys.com\/es\/productos\/bolsa-meny-motera\/#breadcrumb"},"inLanguage":"es","potentialAction":[{"@type":"ReadAction","target":["http:\/\/mymenys.com\/es\/productos\/bolsa-meny-motera\/"]}]},{"@type":"ImageObject","inLanguage":"es","@id":"http:\/\/mymenys.com\/es\/productos\/bolsa-meny-motera\/#primaryimage","url":"http:\/\/mymenys.com\/wp-content\/uploads\/2025\/02\/IMG_0962-scaled.jpg","contentUrl":"http:\/\/mymenys.com\/wp-content\/uploads\/2025\/02\/IMG_0962-scaled.jpg","width":1920,"height":2560},{"@type":"BreadcrumbList","@id":"http:\/\/mymenys.com\/es\/productos\/bolsa-meny-motera\/#breadcrumb","itemListElement":[{"@type":"ListItem","position":1,"name":"Home","item":"https:\/\/mymenys.com\/es\/"},{"@type":"ListItem","position":2,"name":"Tienda","item":"http:\/\/mymenys.com\/es\/tienda\/"},{"@type":"ListItem","position":3,"name":"Bolsa \u00abMeny Motera\u00bb"}]},{"@type":"WebSite","@id":"http:\/\/mymenys.com\/#website","url":"http:\/\/mymenys.com\/","name":"MYMENYS by A.T.","description":"luce ARTE y cuenta una HISTORIA","publisher":{"@id":"http:\/\/mymenys.com\/#organization"},"potentialAction":[{"@type":"SearchAction","target":{"@type":"EntryPoint","urlTemplate":"http:\/\/mymenys.com\/?s={search_term_string}"},"query-input":{"@type":"PropertyValueSpecification","valueRequired":true,"valueName":"search_term_string"}}],"inLanguage":"es"},{"@type":"Organization","@id":"http:\/\/mymenys.com\/#organization","name":"MYMENYS by A.T.","url":"http:\/\/mymenys.com\/","logo":{"@type":"ImageObject","inLanguage":"es","@id":"http:\/\/mymenys.com\/#\/schema\/logo\/image\/","url":"http:\/\/mymenys.com\/wp-content\/uploads\/2025\/01\/cropped-mymenys_logo_taustata.png","contentUrl":"http:\/\/mymenys.com\/wp-content\/uploads\/2025\/01\/cropped-mymenys_logo_taustata.png","width":1000,"height":1000,"caption":"MYMENYS by A.T."},"image":{"@id":"http:\/\/mymenys.com\/#\/schema\/logo\/image\/"},"sameAs":["https:\/\/www.facebook.com\/mymenys","https:\/\/www.instagram.com\/mymenys\/"]}]}},"_links":{"self":[{"href":"http:\/\/mymenys.com\/es\/wp-json\/wp\/v2\/product\/4387","targetHints":{"allow":["GET"]}}],"collection":[{"href":"http:\/\/mymenys.com\/es\/wp-json\/wp\/v2\/product"}],"about":[{"href":"http:\/\/mymenys.com\/es\/wp-json\/wp\/v2\/types\/product"}],"version-history":[{"count":5,"href":"http:\/\/mymenys.com\/es\/wp-json\/wp\/v2\/product\/4387\/revisions"}],"predecessor-version":[{"id":4553,"href":"http:\/\/mymenys.com\/es\/wp-json\/wp\/v2\/product\/4387\/revisions\/4553"}],"wp:featuredmedia":[{"embeddable":true,"href":"http:\/\/mymenys.com\/es\/wp-json\/wp\/v2\/media\/5030"}],"wp:attachment":[{"href":"http:\/\/mymenys.com\/es\/wp-json\/wp\/v2\/media?parent=4387"}],"wp:term":[{"taxonomy":"product_brand","embeddable":true,"href":"http:\/\/mymenys.com\/es\/wp-json\/wp\/v2\/product_brand?post=4387"},{"taxonomy":"product_cat","embeddable":true,"href":"http:\/\/mymenys.com\/es\/wp-json\/wp\/v2\/product_cat?post=4387"},{"taxonomy":"product_tag","embeddable":true,"href":"http:\/\/mymenys.com\/es\/wp-json\/wp\/v2\/product_tag?post=4387"}],"curies":[{"name":"wp","href":"https:\/\/api.w.org\/{rel}","templated":true}]}}