{"id":4245,"date":"2025-01-10T20:25:40","date_gmt":"2025-01-10T19:25:40","guid":{"rendered":"http:\/\/mymenys.com\/product\/camiseta-meny-corazon-de-suenos\/"},"modified":"2025-02-19T19:31:48","modified_gmt":"2025-02-19T18:31:48","slug":"camiseta-meny-corazon-de-suenos","status":"publish","type":"product","link":"http:\/\/mymenys.com\/es\/productos\/camiseta-meny-corazon-de-suenos\/","title":{"rendered":"Camiseta \u00abMeny Coraz\u00f3n de los Sue\u00f1os\u00bb."},"content":{"rendered":"\t\t<div data-elementor-type=\"product-post\" data-elementor-id=\"4245\" class=\"elementor elementor-4245 elementor-2651\" data-elementor-post-type=\"product\">\n\t\t\t\t<div class=\"elementor-element elementor-element-2f9ca88b e-flex e-con-boxed e-con e-parent\" data-id=\"2f9ca88b\" data-element_type=\"container\" data-e-type=\"container\">\n\t\t\t\t\t<div class=\"e-con-inner\">\n\t\t\t\t<div class=\"elementor-element elementor-element-6291e674 elementor-widget elementor-widget-text-editor\" data-id=\"6291e674\" data-element_type=\"widget\" data-e-type=\"widget\" data-widget_type=\"text-editor.default\">\n\t\t\t\t<div class=\"elementor-widget-container\">\n\t\t\t\t\t\t\t\t\t<p><span style=\"font-size: 16px;\">Esta pieza encierra una poderosa historia sobre la fuerza del coraz\u00f3n y la libertad de los sue\u00f1os. El llamativo estampado de la espalda muestra un audaz coraz\u00f3n rojo que se eleva entre globos flotantes y elementos simb\u00f3licos, enmarcado por vivos trazos de color, que encarnan el equilibrio entre tener los pies en la tierra y dejarse llevar por la imaginaci\u00f3n. <\/span>En la parte delantera, nuestro eslogan <i>\u00abLuce ARTE y cuenta una HISTORIA<\/i> \u00bb te invita a convertirte en narrador de historias a trav\u00e9s de la moda. Este dise\u00f1o no es s\u00f3lo ropa: es una expresi\u00f3n de arte, emoci\u00f3n e inspiraci\u00f3n.<\/p>\n<p class=\"p1\">Nuestra modelo de la izquierda mide <b>166 cm<\/b> y lleva una camiseta talla <b>S<\/b>. Nuestra modelo de la derecha mide <b>170 cm<\/b> y lleva una camiseta talla <b>XXS<\/b>.<\/p>\n\t\t\t\t\t\t\t\t<\/div>\n\t\t\t\t<\/div>\n\t\t\t\t\t<\/div>\n\t\t\t\t<\/div>\n\t\t\t\t<\/div>\n\t\t\n    <div class=\"xs_social_share_widget xs_share_url after_content \t\tmain_content  wslu-style-1 wslu-share-box-shaped wslu-fill-colored wslu-none wslu-share-horizontal wslu-theme-font-no wslu-main_content\">\n\n\t\t\n        <ul>\n\t\t\t        <\/ul>\n    <\/div> \n","protected":false},"excerpt":{"rendered":"<blockquote>\n<p class=\"p1\">\u00abLa fuerza del coraz\u00f3n no puede compararse con nada; puede derribarte o elevarte. Al crear esta pieza, quer\u00eda que fuera el motor que encendiera los sue\u00f1os y la imaginaci\u00f3n, porque a veces volar y abandonar el suelo es lo que te ayuda a comprender mejor la realidad que te rodea. No hay bien tan perfecto ni mal tan terrible\u00bb.<\/p>\n<p class=\"p1\">&#8211; A.T.<\/p>\n<\/blockquote>\n","protected":false},"featured_media":4957,"template":"","meta":{"site-sidebar-layout":"default","site-content-layout":"","ast-site-content-layout":"default","site-content-style":"default","site-sidebar-style":"default","ast-global-header-display":"","ast-banner-title-visibility":"","ast-main-header-display":"","ast-hfb-above-header-display":"","ast-hfb-below-header-display":"","ast-hfb-mobile-header-display":"","site-post-title":"","ast-breadcrumbs-content":"","ast-featured-img":"","footer-sml-layout":"","ast-disable-related-posts":"","theme-transparent-header-meta":"default","adv-header-id-meta":"","stick-header-meta":"default","header-above-stick-meta":"","header-main-stick-meta":"","header-below-stick-meta":"","astra-migrate-meta-layouts":"set","ast-page-background-enabled":"default","ast-page-background-meta":{"desktop":{"background-color":"var(--ast-global-color-4)","background-image":"","background-repeat":"repeat","background-position":"center center","background-size":"auto","background-attachment":"scroll","background-type":"","background-media":"","overlay-type":"","overlay-color":"","overlay-opacity":"","overlay-gradient":""},"tablet":{"background-color":"","background-image":"","background-repeat":"repeat","background-position":"center center","background-size":"auto","background-attachment":"scroll","background-type":"","background-media":"","overlay-type":"","overlay-color":"","overlay-opacity":"","overlay-gradient":""},"mobile":{"background-color":"","background-image":"","background-repeat":"repeat","background-position":"center center","background-size":"auto","background-attachment":"scroll","background-type":"","background-media":"","overlay-type":"","overlay-color":"","overlay-opacity":"","overlay-gradient":""}},"ast-content-background-meta":{"desktop":{"background-color":"var(--ast-global-color-5)","background-image":"","background-repeat":"repeat","background-position":"center center","background-size":"auto","background-attachment":"scroll","background-type":"","background-media":"","overlay-type":"","overlay-color":"","overlay-opacity":"","overlay-gradient":""},"tablet":{"background-color":"var(--ast-global-color-5)","background-image":"","background-repeat":"repeat","background-position":"center center","background-size":"auto","background-attachment":"scroll","background-type":"","background-media":"","overlay-type":"","overlay-color":"","overlay-opacity":"","overlay-gradient":""},"mobile":{"background-color":"var(--ast-global-color-5)","background-image":"","background-repeat":"repeat","background-position":"center center","background-size":"auto","background-attachment":"scroll","background-type":"","background-media":"","overlay-type":"","overlay-color":"","overlay-opacity":"","overlay-gradient":""}}},"product_brand":[],"product_cat":[137,148,136],"product_tag":[142,140,141,139,146,147,145,144],"class_list":{"0":"post-4245","1":"product","2":"type-product","3":"status-publish","4":"has-post-thumbnail","6":"product_cat-camisetas","7":"product_cat-hombres","8":"product_cat-mujeres","9":"product_tag-camiseta-es","10":"product_tag-camiseta-de-diseno","11":"product_tag-camiseta-estampada","12":"product_tag-camiseta-personalizada","13":"product_tag-camisetas","14":"product_tag-camisetas-de-diseno","15":"product_tag-idea-regalo","16":"product_tag-mujeres","17":"desktop-align-center","18":"tablet-align-left","19":"mobile-align-left","21":"first","22":"instock","23":"shipping-taxable","24":"purchasable","25":"product-type-variable"},"supplier_id":null,"supplier_sku":"","barcode":null,"atum_controlled":true,"out_stock_date":null,"out_stock_threshold":null,"inheritable":true,"inbound_stock":0,"stock_on_hold":0,"sold_today":0,"sales_last_days":0,"reserved_stock":0,"customer_returns":0,"warehouse_damage":0,"lost_in_post":0,"other_logs":0,"out_stock_days":0,"lost_sales":0,"has_location":true,"update_date":"2026-04-30T06:08:28","atum_locations":[{"id":99,"name":"Eesti ladu","slug":"eesti-ladu"}],"atum_stock_status":"instock","restock_status":false,"low_stock_amount":1,"sales_update_date":"2026-04-30T06:08:28","calc_backorders":0,"yoast_head":"<!-- This site is optimized with the Yoast SEO plugin v27.0 - https:\/\/yoast.com\/product\/yoast-seo-wordpress\/ -->\n<title>Camiseta &quot;Meny Coraz\u00f3n de los Sue\u00f1os&quot;. - MYMENYS<\/title>\n<meta name=\"robots\" content=\"index, follow, max-snippet:-1, max-image-preview:large, max-video-preview:-1\" \/>\n<link rel=\"canonical\" href=\"http:\/\/mymenys.com\/es\/productos\/camiseta-meny-corazon-de-suenos\/\" \/>\n<meta property=\"og:locale\" content=\"es_ES\" \/>\n<meta property=\"og:type\" content=\"article\" \/>\n<meta property=\"og:title\" content=\"Camiseta &quot;Meny Coraz\u00f3n de los Sue\u00f1os&quot;. - MYMENYS\" \/>\n<meta property=\"og:description\" content=\"&quot;La fuerza del coraz\u00f3n no puede compararse con nada; puede derribarte o elevarte. Al crear esta pieza, quer\u00eda que fuera el motor que encendiera los sue\u00f1os y la imaginaci\u00f3n, porque a veces volar y abandonar el suelo es lo que te ayuda a comprender mejor la realidad que te rodea. No hay bien tan perfecto ni mal tan terrible&quot;. - A.T.\" \/>\n<meta property=\"og:url\" content=\"http:\/\/mymenys.com\/es\/productos\/camiseta-meny-corazon-de-suenos\/\" \/>\n<meta property=\"og:site_name\" content=\"MYMENYS\" \/>\n<meta property=\"article:publisher\" content=\"https:\/\/www.facebook.com\/mymenys\" \/>\n<meta property=\"article:modified_time\" content=\"2025-02-19T18:31:48+00:00\" \/>\n<meta property=\"og:image\" content=\"http:\/\/mymenys.com\/wp-content\/uploads\/2025\/02\/DSC_0228-Enhanced-NR-scaled.jpg\" \/>\n\t<meta property=\"og:image:width\" content=\"2560\" \/>\n\t<meta property=\"og:image:height\" content=\"1707\" \/>\n\t<meta property=\"og:image:type\" content=\"image\/jpeg\" \/>\n<meta name=\"twitter:card\" content=\"summary_large_image\" \/>\n<script type=\"application\/ld+json\" class=\"yoast-schema-graph\">{\"@context\":\"https:\/\/schema.org\",\"@graph\":[{\"@type\":\"WebPage\",\"@id\":\"http:\/\/mymenys.com\/es\/productos\/camiseta-meny-corazon-de-suenos\/\",\"url\":\"http:\/\/mymenys.com\/es\/productos\/camiseta-meny-corazon-de-suenos\/\",\"name\":\"Camiseta \\\"Meny Coraz\u00f3n de los Sue\u00f1os\\\". - MYMENYS\",\"isPartOf\":{\"@id\":\"http:\/\/mymenys.com\/#website\"},\"primaryImageOfPage\":{\"@id\":\"http:\/\/mymenys.com\/es\/productos\/camiseta-meny-corazon-de-suenos\/#primaryimage\"},\"image\":{\"@id\":\"http:\/\/mymenys.com\/es\/productos\/camiseta-meny-corazon-de-suenos\/#primaryimage\"},\"thumbnailUrl\":\"http:\/\/mymenys.com\/wp-content\/uploads\/2025\/02\/DSC_0228-Enhanced-NR-scaled.jpg\",\"datePublished\":\"2025-01-10T19:25:40+00:00\",\"dateModified\":\"2025-02-19T18:31:48+00:00\",\"breadcrumb\":{\"@id\":\"http:\/\/mymenys.com\/es\/productos\/camiseta-meny-corazon-de-suenos\/#breadcrumb\"},\"inLanguage\":\"es\",\"potentialAction\":[{\"@type\":\"ReadAction\",\"target\":[\"http:\/\/mymenys.com\/es\/productos\/camiseta-meny-corazon-de-suenos\/\"]}]},{\"@type\":\"ImageObject\",\"inLanguage\":\"es\",\"@id\":\"http:\/\/mymenys.com\/es\/productos\/camiseta-meny-corazon-de-suenos\/#primaryimage\",\"url\":\"http:\/\/mymenys.com\/wp-content\/uploads\/2025\/02\/DSC_0228-Enhanced-NR-scaled.jpg\",\"contentUrl\":\"http:\/\/mymenys.com\/wp-content\/uploads\/2025\/02\/DSC_0228-Enhanced-NR-scaled.jpg\",\"width\":2560,\"height\":1707,\"caption\":\"Meny ACE Heart of Dreams\"},{\"@type\":\"BreadcrumbList\",\"@id\":\"http:\/\/mymenys.com\/es\/productos\/camiseta-meny-corazon-de-suenos\/#breadcrumb\",\"itemListElement\":[{\"@type\":\"ListItem\",\"position\":1,\"name\":\"Home\",\"item\":\"https:\/\/mymenys.com\/es\/\"},{\"@type\":\"ListItem\",\"position\":2,\"name\":\"Tienda\",\"item\":\"http:\/\/mymenys.com\/es\/tienda\/\"},{\"@type\":\"ListItem\",\"position\":3,\"name\":\"Camiseta \u00abMeny Coraz\u00f3n de los Sue\u00f1os\u00bb.\"}]},{\"@type\":\"WebSite\",\"@id\":\"http:\/\/mymenys.com\/#website\",\"url\":\"http:\/\/mymenys.com\/\",\"name\":\"MYMENYS by A.T.\",\"description\":\"luce ARTE y cuenta una HISTORIA\",\"publisher\":{\"@id\":\"http:\/\/mymenys.com\/#organization\"},\"potentialAction\":[{\"@type\":\"SearchAction\",\"target\":{\"@type\":\"EntryPoint\",\"urlTemplate\":\"http:\/\/mymenys.com\/?s={search_term_string}\"},\"query-input\":{\"@type\":\"PropertyValueSpecification\",\"valueRequired\":true,\"valueName\":\"search_term_string\"}}],\"inLanguage\":\"es\"},{\"@type\":\"Organization\",\"@id\":\"http:\/\/mymenys.com\/#organization\",\"name\":\"MYMENYS by A.T.\",\"url\":\"http:\/\/mymenys.com\/\",\"logo\":{\"@type\":\"ImageObject\",\"inLanguage\":\"es\",\"@id\":\"http:\/\/mymenys.com\/#\/schema\/logo\/image\/\",\"url\":\"http:\/\/mymenys.com\/wp-content\/uploads\/2025\/01\/cropped-mymenys_logo_taustata.png\",\"contentUrl\":\"http:\/\/mymenys.com\/wp-content\/uploads\/2025\/01\/cropped-mymenys_logo_taustata.png\",\"width\":1000,\"height\":1000,\"caption\":\"MYMENYS by A.T.\"},\"image\":{\"@id\":\"http:\/\/mymenys.com\/#\/schema\/logo\/image\/\"},\"sameAs\":[\"https:\/\/www.facebook.com\/mymenys\",\"https:\/\/www.instagram.com\/mymenys\/\"]}]}<\/script>\n<!-- \/ Yoast SEO plugin. -->","yoast_head_json":{"title":"Camiseta \"Meny Coraz\u00f3n de los Sue\u00f1os\". - MYMENYS","robots":{"index":"index","follow":"follow","max-snippet":"max-snippet:-1","max-image-preview":"max-image-preview:large","max-video-preview":"max-video-preview:-1"},"canonical":"http:\/\/mymenys.com\/es\/productos\/camiseta-meny-corazon-de-suenos\/","og_locale":"es_ES","og_type":"article","og_title":"Camiseta \"Meny Coraz\u00f3n de los Sue\u00f1os\". - MYMENYS","og_description":"\"La fuerza del coraz\u00f3n no puede compararse con nada; puede derribarte o elevarte. Al crear esta pieza, quer\u00eda que fuera el motor que encendiera los sue\u00f1os y la imaginaci\u00f3n, porque a veces volar y abandonar el suelo es lo que te ayuda a comprender mejor la realidad que te rodea. No hay bien tan perfecto ni mal tan terrible\". - A.T.","og_url":"http:\/\/mymenys.com\/es\/productos\/camiseta-meny-corazon-de-suenos\/","og_site_name":"MYMENYS","article_publisher":"https:\/\/www.facebook.com\/mymenys","article_modified_time":"2025-02-19T18:31:48+00:00","og_image":[{"width":2560,"height":1707,"url":"http:\/\/mymenys.com\/wp-content\/uploads\/2025\/02\/DSC_0228-Enhanced-NR-scaled.jpg","type":"image\/jpeg"}],"twitter_card":"summary_large_image","schema":{"@context":"https:\/\/schema.org","@graph":[{"@type":"WebPage","@id":"http:\/\/mymenys.com\/es\/productos\/camiseta-meny-corazon-de-suenos\/","url":"http:\/\/mymenys.com\/es\/productos\/camiseta-meny-corazon-de-suenos\/","name":"Camiseta \"Meny Coraz\u00f3n de los Sue\u00f1os\". - MYMENYS","isPartOf":{"@id":"http:\/\/mymenys.com\/#website"},"primaryImageOfPage":{"@id":"http:\/\/mymenys.com\/es\/productos\/camiseta-meny-corazon-de-suenos\/#primaryimage"},"image":{"@id":"http:\/\/mymenys.com\/es\/productos\/camiseta-meny-corazon-de-suenos\/#primaryimage"},"thumbnailUrl":"http:\/\/mymenys.com\/wp-content\/uploads\/2025\/02\/DSC_0228-Enhanced-NR-scaled.jpg","datePublished":"2025-01-10T19:25:40+00:00","dateModified":"2025-02-19T18:31:48+00:00","breadcrumb":{"@id":"http:\/\/mymenys.com\/es\/productos\/camiseta-meny-corazon-de-suenos\/#breadcrumb"},"inLanguage":"es","potentialAction":[{"@type":"ReadAction","target":["http:\/\/mymenys.com\/es\/productos\/camiseta-meny-corazon-de-suenos\/"]}]},{"@type":"ImageObject","inLanguage":"es","@id":"http:\/\/mymenys.com\/es\/productos\/camiseta-meny-corazon-de-suenos\/#primaryimage","url":"http:\/\/mymenys.com\/wp-content\/uploads\/2025\/02\/DSC_0228-Enhanced-NR-scaled.jpg","contentUrl":"http:\/\/mymenys.com\/wp-content\/uploads\/2025\/02\/DSC_0228-Enhanced-NR-scaled.jpg","width":2560,"height":1707,"caption":"Meny ACE Heart of Dreams"},{"@type":"BreadcrumbList","@id":"http:\/\/mymenys.com\/es\/productos\/camiseta-meny-corazon-de-suenos\/#breadcrumb","itemListElement":[{"@type":"ListItem","position":1,"name":"Home","item":"https:\/\/mymenys.com\/es\/"},{"@type":"ListItem","position":2,"name":"Tienda","item":"http:\/\/mymenys.com\/es\/tienda\/"},{"@type":"ListItem","position":3,"name":"Camiseta \u00abMeny Coraz\u00f3n de los Sue\u00f1os\u00bb."}]},{"@type":"WebSite","@id":"http:\/\/mymenys.com\/#website","url":"http:\/\/mymenys.com\/","name":"MYMENYS by A.T.","description":"luce ARTE y cuenta una HISTORIA","publisher":{"@id":"http:\/\/mymenys.com\/#organization"},"potentialAction":[{"@type":"SearchAction","target":{"@type":"EntryPoint","urlTemplate":"http:\/\/mymenys.com\/?s={search_term_string}"},"query-input":{"@type":"PropertyValueSpecification","valueRequired":true,"valueName":"search_term_string"}}],"inLanguage":"es"},{"@type":"Organization","@id":"http:\/\/mymenys.com\/#organization","name":"MYMENYS by A.T.","url":"http:\/\/mymenys.com\/","logo":{"@type":"ImageObject","inLanguage":"es","@id":"http:\/\/mymenys.com\/#\/schema\/logo\/image\/","url":"http:\/\/mymenys.com\/wp-content\/uploads\/2025\/01\/cropped-mymenys_logo_taustata.png","contentUrl":"http:\/\/mymenys.com\/wp-content\/uploads\/2025\/01\/cropped-mymenys_logo_taustata.png","width":1000,"height":1000,"caption":"MYMENYS by A.T."},"image":{"@id":"http:\/\/mymenys.com\/#\/schema\/logo\/image\/"},"sameAs":["https:\/\/www.facebook.com\/mymenys","https:\/\/www.instagram.com\/mymenys\/"]}]}},"_links":{"self":[{"href":"http:\/\/mymenys.com\/es\/wp-json\/wp\/v2\/product\/4245","targetHints":{"allow":["GET"]}}],"collection":[{"href":"http:\/\/mymenys.com\/es\/wp-json\/wp\/v2\/product"}],"about":[{"href":"http:\/\/mymenys.com\/es\/wp-json\/wp\/v2\/types\/product"}],"version-history":[{"count":5,"href":"http:\/\/mymenys.com\/es\/wp-json\/wp\/v2\/product\/4245\/revisions"}],"predecessor-version":[{"id":5218,"href":"http:\/\/mymenys.com\/es\/wp-json\/wp\/v2\/product\/4245\/revisions\/5218"}],"wp:featuredmedia":[{"embeddable":true,"href":"http:\/\/mymenys.com\/es\/wp-json\/wp\/v2\/media\/4957"}],"wp:attachment":[{"href":"http:\/\/mymenys.com\/es\/wp-json\/wp\/v2\/media?parent=4245"}],"wp:term":[{"taxonomy":"product_brand","embeddable":true,"href":"http:\/\/mymenys.com\/es\/wp-json\/wp\/v2\/product_brand?post=4245"},{"taxonomy":"product_cat","embeddable":true,"href":"http:\/\/mymenys.com\/es\/wp-json\/wp\/v2\/product_cat?post=4245"},{"taxonomy":"product_tag","embeddable":true,"href":"http:\/\/mymenys.com\/es\/wp-json\/wp\/v2\/product_tag?post=4245"}],"curies":[{"name":"wp","href":"https:\/\/api.w.org\/{rel}","templated":true}]}}